{"id":5653195,"date":"2019-06-22T11:26:14","date_gmt":"2019-06-22T11:26:14","guid":{"rendered":"https:\/\/maravilhasdogeres.pt\/casa-da-fonte\/?page_id=5653195"},"modified":"2019-06-22T14:56:01","modified_gmt":"2019-06-22T14:56:01","slug":"inicio","status":"publish","type":"page","link":"https:\/\/maravilhasdogeres.pt\/casa-da-fonte\/","title":{"rendered":"In\u00edcio"},"content":{"rendered":"[vc_row full_width=&#8221;stretch_row_content_no_spaces&#8221;][vc_column]<div class=\"norebro-recent-projects-sc norebro-onepage  portfolio-grid-7 hide-scroll with-sorting\" \n\tdata-norebro-onepage=\"norebro-custom-69ef65195d59b\" \n\tdata-options='{\"mousewheel\":true,\"nav\":true,\"navContainerClass\":\"slider-nav\",\"dots\":true,\"dotsClass\":\"slider-vertical-numbers\",\"navClass\":[\"up\",\"down\"]}' \n\tid=\"norebro-custom-69ef65195d59b\"\n\t data-aos=\"fade-up\" \n\t data-aos-duration=\"70\">\n\n\t<div class=\"onepage-stage\">\n\t\t\t\t<section class=\"onepage-section portfolio-item-wrap\">\n<div class=\"portfolio-item grid-7\">\n\t\t<div class=\"image-wrap overlay\" data-norebro-bg-image=\"https:\/\/maravilhasdogeres.pt\/casa-da-fonte\/wp-content\/uploads\/2019\/06\/Casa-Da-Fonte_Exterior-158.jpg\"><\/div>\n\t\t<div class=\"description overlay\">\n\t\t<div class=\"content-center\">\n\t\t\t<div class=\"wrap text-center\">\n\t\t\t\t\n\t\t\t\t\t\t\t\t\t\t\t\t\t\t\t\t\t\t\t\t\t\t\t\t<span class=\"category\">Alojamento Local<\/span>\n\t\t\t\t\t\t\t\t\t\t\t\t\t\n\t\t\t\t<h4 class=\"title\">Casa da Fonte<\/h4>\n\t\t\t\t\t\t\t\t\t<div class=\"text-description\">\n\t\t\t\t\t\tA <strong>Casa da Fonte<\/strong> fica em pleno cora\u00e7\u00e3o do<strong> Parque Nacional da Peneda Ger\u00eas<\/strong>, numa zona de extraordin\u00e1ria beleza natural, \u00c9 simples, r\u00fastica, acolhedora e re\u00fane,&hellip;\t\t\t\t\t<\/div>\n\t\t\t\t\t\t\t\t\t\t\t\t<a href=\"https:\/\/maravilhasdogeres.pt\/casa-da-fonte\/project\/casa-da-fonte\/\" class=\"more hover-underline\">\n\t\t\t\t\tVer alojamento\t\t\t\t<\/a>\n\t\t\t\t\t\t\t<\/div>\n\t\t<\/div>\n\t<\/div>\n<\/div><\/section>\t\t\t\t<section class=\"onepage-section portfolio-item-wrap\">\n<div class=\"portfolio-item grid-7\">\n\t\t<div class=\"image-wrap overlay\" data-norebro-bg-image=\"https:\/\/maravilhasdogeres.pt\/casa-da-fonte\/wp-content\/uploads\/slider2\/CasaDaFonte354-1920x1280.jpeg\"><\/div>\n\t\t<div class=\"description overlay\">\n\t\t<div class=\"content-center\">\n\t\t\t<div class=\"wrap text-center\">\n\t\t\t\t\n\t\t\t\t\t\t\t\t\t\t\t\t\t\t\t\t\t\t\t\t\t\t\t\t<span class=\"category\">Alojamento Local<\/span>\n\t\t\t\t\t\t\t\t\t\t\t\t\t\n\t\t\t\t<h4 class=\"title\">Casa da Fonte &#8211; T0<\/h4>\n\t\t\t\t\t\t\t\t\t<div class=\"text-description\">\n\t\t\t\t\t\t\t\t\t\t\t<\/div>\n\t\t\t\t\t\t\t\t\t\t\t\t<a href=\"https:\/\/maravilhasdogeres.pt\/casa-da-fonte\/hb_accommodation\/t0\/\" class=\"more hover-underline\">\n\t\t\t\t\tVer alojamento\t\t\t\t<\/a>\n\t\t\t\t\t\t\t<\/div>\n\t\t<\/div>\n\t<\/div>\n<\/div><\/section>\t\t\t\t<section class=\"onepage-section portfolio-item-wrap\">\n<div class=\"portfolio-item grid-7\">\n\t\t<div class=\"image-wrap overlay\" data-norebro-bg-image=\"https:\/\/maravilhasdogeres.pt\/casa-da-fonte\/wp-content\/uploads\/2018\/07\/Casa-Da-Fonte-19A.jpg\"><\/div>\n\t\t<div class=\"description overlay\">\n\t\t<div class=\"content-center\">\n\t\t\t<div class=\"wrap text-center\">\n\t\t\t\t\n\t\t\t\t\t\t\t\t\t\t\t\t\t\t\t\t\t\t\t\t\t\t\t\t<span class=\"category\">Alojamento Local<\/span>\n\t\t\t\t\t\t\t\t\t\t\t\t\t\n\t\t\t\t<h4 class=\"title\">Casa da Fonte &#8211; T1<\/h4>\n\t\t\t\t\t\t\t\t\t<div class=\"text-description\">\n\t\t\t\t\t\t\t\t\t\t\t<\/div>\n\t\t\t\t\t\t\t\t\t\t\t\t<a href=\"https:\/\/maravilhasdogeres.pt\/casa-da-fonte\/hb_accommodation\/casa-da-fonte-t1\" class=\"more hover-underline\">\n\t\t\t\t\tVer alojamento\t\t\t\t<\/a>\n\t\t\t\t\t\t\t<\/div>\n\t\t<\/div>\n\t<\/div>\n<\/div><\/section>\t\t\t\t<section class=\"onepage-section portfolio-item-wrap\">\n<div class=\"portfolio-item grid-7\">\n\t\t<div class=\"image-wrap overlay\" data-norebro-bg-image=\"https:\/\/maravilhasdogeres.pt\/casa-da-fonte\/wp-content\/uploads\/2018\/06\/Casa-Da-Fonte-75.jpg\"><\/div>\n\t\t<div class=\"description overlay\">\n\t\t<div class=\"content-center\">\n\t\t\t<div class=\"wrap text-center\">\n\t\t\t\t\n\t\t\t\t\t\t\t\t\t\t\t\t\t\t\t\t\t\t\t\t\t\t\t\t<span class=\"category\">Alojamento Local<\/span>\n\t\t\t\t\t\t\t\t\t\t\t\t\t\n\t\t\t\t<h4 class=\"title\">Casa da Fonte &#8211; T2<\/h4>\n\t\t\t\t\t\t\t\t\t<div class=\"text-description\">\n\t\t\t\t\t\t\t\t\t\t\t<\/div>\n\t\t\t\t\t\t\t\t\t\t\t\t<a href=\"https:\/\/maravilhasdogeres.pt\/casa-da-fonte\/hb_accommodation\/casa-da-fonte-t2\" class=\"more hover-underline\">\n\t\t\t\t\tVer alojamento\t\t\t\t<\/a>\n\t\t\t\t\t\t\t<\/div>\n\t\t<\/div>\n\t<\/div>\n<\/div><\/section>\t\t\t<\/div>\n\t<div class=\"scroll font-titles\">\n\t\tScroll\t<\/div>\n\t\n<\/div>[\/vc_column][\/vc_row]\n","protected":false},"excerpt":{"rendered":"<p>[vc_row full_width=&#8221;stretch_row_content_no_spaces&#8221;][vc_column][\/vc_column][\/vc_row]<\/p>\n","protected":false},"author":1,"featured_media":0,"parent":0,"menu_order":0,"comment_status":"closed","ping_status":"closed","template":"","meta":{"footnotes":""},"class_list":["post-5653195","page","type-page","status-publish","hentry"],"_links":{"self":[{"href":"https:\/\/maravilhasdogeres.pt\/casa-da-fonte\/wp-json\/wp\/v2\/pages\/5653195","targetHints":{"allow":["GET"]}}],"collection":[{"href":"https:\/\/maravilhasdogeres.pt\/casa-da-fonte\/wp-json\/wp\/v2\/pages"}],"about":[{"href":"https:\/\/maravilhasdogeres.pt\/casa-da-fonte\/wp-json\/wp\/v2\/types\/page"}],"author":[{"embeddable":true,"href":"https:\/\/maravilhasdogeres.pt\/casa-da-fonte\/wp-json\/wp\/v2\/users\/1"}],"replies":[{"embeddable":true,"href":"https:\/\/maravilhasdogeres.pt\/casa-da-fonte\/wp-json\/wp\/v2\/comments?post=5653195"}],"version-history":[{"count":11,"href":"https:\/\/maravilhasdogeres.pt\/casa-da-fonte\/wp-json\/wp\/v2\/pages\/5653195\/revisions"}],"predecessor-version":[{"id":5653328,"href":"https:\/\/maravilhasdogeres.pt\/casa-da-fonte\/wp-json\/wp\/v2\/pages\/5653195\/revisions\/5653328"}],"wp:attachment":[{"href":"https:\/\/maravilhasdogeres.pt\/casa-da-fonte\/wp-json\/wp\/v2\/media?parent=5653195"}],"curies":[{"name":"wp","href":"https:\/\/api.w.org\/{rel}","templated":true}]}}